{"id":1780,"date":"2022-11-10T17:04:56","date_gmt":"2022-11-10T17:04:56","guid":{"rendered":"https:\/\/feelfolu.ro\/?page_id=1780"},"modified":"2022-11-10T17:12:07","modified_gmt":"2022-11-10T17:12:07","slug":"istorie","status":"publish","type":"page","link":"https:\/\/feelfolu.ro\/index.php\/ro\/istorie\/","title":{"rendered":"Istorie"},"content":{"rendered":"\t\t<div data-elementor-type=\"wp-page\" data-elementor-id=\"1780\" class=\"elementor elementor-1780\">\n\t\t\t\t\t\t<div class=\"elementor-inner\">\n\t\t\t\t<div class=\"elementor-section-wrap\">\n\t\t\t\t\t\t\t\t\t<section class=\"elementor-section elementor-top-section elementor-element elementor-element-eaed85e elementor-section-content-middle elementor-section-boxed elementor-section-height-default elementor-section-height-default\" data-id=\"eaed85e\" data-element_type=\"section\">\n\t\t\t\t\t\t<div class=\"elementor-container elementor-column-gap-wider\">\n\t\t\t\t\t\t\t<div class=\"elementor-row\">\n\t\t\t\t\t<div class=\"elementor-column elementor-col-100 elementor-top-column elementor-element elementor-element-da42a81\" data-id=\"da42a81\" data-element_type=\"column\">\n\t\t\t<div class=\"elementor-column-wrap elementor-element-populated\">\n\t\t\t\t\t\t\t<div class=\"elementor-widget-wrap\">\n\t\t\t\t\t\t<div class=\"elementor-element elementor-element-9fa16a3 elementor-widget elementor-widget-text-editor\" data-id=\"9fa16a3\" data-element_type=\"widget\" data-widget_type=\"text-editor.default\">\n\t\t\t\t<div class=\"elementor-widget-container\">\n\t\t\t<style>\/*! elementor - v3.17.0 - 08-11-2023 *\/\n.elementor-widget-text-editor.elementor-drop-cap-view-stacked .elementor-drop-cap{background-color:#69727d;color:#fff}.elementor-widget-text-editor.elementor-drop-cap-view-framed .elementor-drop-cap{color:#69727d;border:3px solid;background-color:transparent}.elementor-widget-text-editor:not(.elementor-drop-cap-view-default) .elementor-drop-cap{margin-top:8px}.elementor-widget-text-editor:not(.elementor-drop-cap-view-default) .elementor-drop-cap-letter{width:1em;height:1em}.elementor-widget-text-editor .elementor-drop-cap{float:left;text-align:center;line-height:1;font-size:50px}.elementor-widget-text-editor .elementor-drop-cap-letter{display:inline-block}<\/style>\t\t\t\t\t<div class=\"elementor-text-editor elementor-clearfix\">\n\t\t\t\t<p>Un sat la marginea Depresiunii Colinare a Transilvaniei, la poalele Mun\u0163ilor Carpa\u0163i. O localitate important\u0103 din punct de vedere arheologic, istoric \u0219i religios. O comunitate cu mare varia\u0163ie etnic\u0103. \u00cembinarea mai multor culturi. Diversitatea tradi\u0163iilor, obiceiurilor. Acesta este Suseniul, satul al Asocia\u021biei Pro Feelfolu.<\/p>\t\t\t\t\t<\/div>\n\t\t\t\t\t\t<\/div>\n\t\t\t\t<\/div>\n\t\t\t\t\t\t<\/div>\n\t\t\t\t\t<\/div>\n\t\t<\/div>\n\t\t\t\t\t\t\t\t<\/div>\n\t\t\t\t\t<\/div>\n\t\t<\/section>\n\t\t\t\t<section class=\"elementor-section elementor-top-section elementor-element elementor-element-cf51a9f elementor-section-full_width elementor-section-height-default elementor-section-height-default\" data-id=\"cf51a9f\" data-element_type=\"section\" data-settings=\"{&quot;background_background&quot;:&quot;classic&quot;}\">\n\t\t\t\t\t\t<div class=\"elementor-container elementor-column-gap-no\">\n\t\t\t\t\t\t\t<div class=\"elementor-row\">\n\t\t\t\t\t<div class=\"elementor-column elementor-col-50 elementor-top-column elementor-element elementor-element-9dc0da2\" data-id=\"9dc0da2\" data-element_type=\"column\">\n\t\t\t<div class=\"elementor-column-wrap elementor-element-populated\">\n\t\t\t\t\t\t\t<div class=\"elementor-widget-wrap\">\n\t\t\t\t\t\t<div class=\"elementor-element elementor-element-3481efd elementor-widget elementor-widget-heading\" data-id=\"3481efd\" data-element_type=\"widget\" data-widget_type=\"heading.default\">\n\t\t\t\t<div class=\"elementor-widget-container\">\n\t\t\t<style>\/*! elementor - v3.17.0 - 08-11-2023 *\/\n.elementor-heading-title{padding:0;margin:0;line-height:1}.elementor-widget-heading .elementor-heading-title[class*=elementor-size-]>a{color:inherit;font-size:inherit;line-height:inherit}.elementor-widget-heading .elementor-heading-title.elementor-size-small{font-size:15px}.elementor-widget-heading .elementor-heading-title.elementor-size-medium{font-size:19px}.elementor-widget-heading .elementor-heading-title.elementor-size-large{font-size:29px}.elementor-widget-heading .elementor-heading-title.elementor-size-xl{font-size:39px}.elementor-widget-heading .elementor-heading-title.elementor-size-xxl{font-size:59px}<\/style><h2 class=\"elementor-heading-title elementor-size-default\">Istorie f\u0103lf\u0103lean\u0103<\/h2>\t\t<\/div>\n\t\t\t\t<\/div>\n\t\t\t\t<div class=\"elementor-element elementor-element-14c2a57 elementor-widget elementor-widget-text-editor\" data-id=\"14c2a57\" data-element_type=\"widget\" data-widget_type=\"text-editor.default\">\n\t\t\t\t<div class=\"elementor-widget-container\">\n\t\t\t\t\t\t\t\t<div class=\"elementor-text-editor elementor-clearfix\">\n\t\t\t\t<p>C\u00e2teva date din istoria Suseniului<\/p>\t\t\t\t\t<\/div>\n\t\t\t\t\t\t<\/div>\n\t\t\t\t<\/div>\n\t\t\t\t<div class=\"elementor-element elementor-element-42f03ec elementor-widget elementor-widget-total-service-block\" data-id=\"42f03ec\" data-element_type=\"widget\" data-widget_type=\"total-service-block.default\">\n\t\t\t\t<div class=\"elementor-widget-container\">\n\t\t\t        <div class=\"het-service-post-wrap\">\n                            <div class=\"het-service-post he-clearfix\">\n                    <div class=\"het-service-icon\">\n                        <i aria-hidden=\"true\" class=\"fas fa-church\"><\/i>                    <\/div>\n\n                    <div class=\"het-service-excerpt\">\n                        <h5>...<\/h5>\n\n                        <div class=\"het-service-text\">\n                            <div class=\"het-service-excerpt-text\">\n                                Sanctuarul bisericii din epoca arpadian\u0103 s-a construit \u00een a doua jum\u0103tate a secolului al XII-lea pe malul drept al unui bra\u021b al r\u00e2ului Mure\u0219, pe vremea regelui Ungariei G\u00e9za al III-lea (1141-1161), iar naosul s-a construit \u00een timpul domniei regelui B\u00e9la al IV-lea (1235-1270).                            <\/div>\n\n                                                            <div class=\"het-service-link\">\n                                    <a href=\"#\"  rel=\"nofollow\">\n                                         <i class=\"fas fa-chevron-right\" aria-hidden=\"true\"><\/i>\n                                    <\/a>\n                                <\/div>\n                                                    <\/div>\n                    <\/div>\n                <\/div>\n                                <div class=\"het-service-post he-clearfix\">\n                    <div class=\"het-service-icon\">\n                        <i aria-hidden=\"true\" class=\"fas fa-pencil-alt\"><\/i>                    <\/div>\n\n                    <div class=\"het-service-excerpt\">\n                        <h5>1319<\/h5>\n\n                        <div class=\"het-service-text\">\n                            <div class=\"het-service-excerpt-text\">\n                                Prima atestare documentar\u0103 cunoscut\u0103 despre Suseni dateaz\u0103 din 14 decembrie 1319 \u0219i apare ca Feelfolu \u00een succesiunea lui Losonczy D\u00e9nes, Dezs\u0151, fiul lui prime\u0219te posesia Suseniului.                            <\/div>\n\n                                                            <div class=\"het-service-link\">\n                                    <a href=\"#\"  rel=\"nofollow\">\n                                         <i class=\"fas fa-chevron-right\" aria-hidden=\"true\"><\/i>\n                                    <\/a>\n                                <\/div>\n                                                    <\/div>\n                    <\/div>\n                <\/div>\n                                <div class=\"het-service-post he-clearfix\">\n                    <div class=\"het-service-icon\">\n                        <i aria-hidden=\"true\" class=\"fas fa-church\"><\/i>                    <\/div>\n\n                    <div class=\"het-service-excerpt\">\n                        <h5>1427<\/h5>\n\n                        <div class=\"het-service-text\">\n                            <div class=\"het-service-excerpt-text\">\n                                Pe 13 decembrie 1427 Losonczi Dezs\u0151fi J\u00e1nos a primit permisiunea de la papa Martin al V-lea s\u0103 construiasc\u0103 o biseric\u0103 \u0219i o m\u0103n\u0103stire franciscan\u0103 \u00een onoarea Sf. Mihail pe locul actualului cimitir. M\u0103n\u0103stirea a func\u021bionat p\u00e2n\u0103 \u00een anul 1540.                            <\/div>\n\n                                                            <div class=\"het-service-link\">\n                                    <a href=\"#\"  rel=\"nofollow\">\n                                         <i class=\"fas fa-chevron-right\" aria-hidden=\"true\"><\/i>\n                                    <\/a>\n                                <\/div>\n                                                    <\/div>\n                    <\/div>\n                <\/div>\n                                <div class=\"het-service-post he-clearfix\">\n                    <div class=\"het-service-icon\">\n                        <i aria-hidden=\"true\" class=\"fas fa-star-of-life\"><\/i>                    <\/div>\n\n                    <div class=\"het-service-excerpt\">\n                        <h5>1595<\/h5>\n\n                        <div class=\"het-service-text\">\n                            <div class=\"het-service-excerpt-text\">\n                                \u00cenc\u0103 din anul 1525 preotul catolic din Suseni era acuzat de reform\u0103. Biserica reformat\u0103 din Suseni este men\u021bionat\u0103 \u00een \u00eenscrisuri \u00eencep\u00e2nd cu anul 1595. Din aceast\u0103 perioad\u0103 s-a p\u0103strat clopotul vechi scos din uz, cu bustul \u00eemp\u0103ratului Rudolf al II-lea, av\u00e2nd urm\u0103toarea \u00eenscrip\u021bie: &quot;Spes mea est Cristus 1598&quot;.                            <\/div>\n\n                                                            <div class=\"het-service-link\">\n                                    <a href=\"#\"  rel=\"nofollow\">\n                                         <i class=\"fas fa-chevron-right\" aria-hidden=\"true\"><\/i>\n                                    <\/a>\n                                <\/div>\n                                                    <\/div>\n                    <\/div>\n                <\/div>\n                                <div class=\"het-service-post he-clearfix\">\n                    <div class=\"het-service-icon\">\n                        <i aria-hidden=\"true\" class=\"fas fa-monument\"><\/i>                    <\/div>\n\n                    <div class=\"het-service-excerpt\">\n                        <h5>1658<\/h5>\n\n                        <div class=\"het-service-text\">\n                            <div class=\"het-service-excerpt-text\">\n                                Invazia t\u0103tarilor din 1658 a provocat pierderi \u0219i distrugeri. T\u0103tarii au \u00eenchis s\u0103tenii \u00een biseric\u0103 \u0219i au dat foc cl\u0103dirii. Cei c\u00e2\u021biva supravie\u021buitori, care au sc\u0103pat ascunz\u00e2ndu-se \u00een p\u0103durile din apropiere, \u0219i-au \u00eengropat mor\u021bii \u00eentr-un morm\u00e2nt comun \u00een curtea bisericii.                            <\/div>\n\n                                                            <div class=\"het-service-link\">\n                                    <a href=\"#\"  rel=\"nofollow\">\n                                         <i class=\"fas fa-chevron-right\" aria-hidden=\"true\"><\/i>\n                                    <\/a>\n                                <\/div>\n                                                    <\/div>\n                    <\/div>\n                <\/div>\n                                <div class=\"het-service-post he-clearfix\">\n                    <div class=\"het-service-icon\">\n                        <i aria-hidden=\"true\" class=\"fas fa-school\"><\/i>                    <\/div>\n\n                    <div class=\"het-service-excerpt\">\n                        <h5>1722<\/h5>\n\n                        <div class=\"het-service-text\">\n                            <div class=\"het-service-excerpt-text\">\n                                La Suseni \u00eenceputurile \u00eenv\u0103\u021b\u0103m\u00e2ntului \u0219colar se dateaz\u0103 \u00een prima jum\u0103tate a secolului al XVIII-lea. \u0218coala protestant\u0103 a fost organizat\u0103 \u00een anul 1722. Echiparea era elementar\u0103, cu pu\u021bini elevi dintre copiii iobagilor.                            <\/div>\n\n                                                            <div class=\"het-service-link\">\n                                    <a href=\"#\"  rel=\"nofollow\">\n                                         <i class=\"fas fa-chevron-right\" aria-hidden=\"true\"><\/i>\n                                    <\/a>\n                                <\/div>\n                                                    <\/div>\n                    <\/div>\n                <\/div>\n                                <div class=\"het-service-post he-clearfix\">\n                    <div class=\"het-service-icon\">\n                        <i aria-hidden=\"true\" class=\"fas fa-church\"><\/i>                    <\/div>\n\n                    <div class=\"het-service-excerpt\">\n                        <h5>1727<\/h5>\n\n                        <div class=\"het-service-text\">\n                            <div class=\"het-service-excerpt-text\">\n                                Parohia greco-catolic\u0103 din Suseni s-a \u00eenfiin\u021bat \u00een anul 1727, \u00een timpul episcopului Inocen\u021biu Micu-Klein, av\u00e2nd ca preot popa Petru.                            <\/div>\n\n                                                            <div class=\"het-service-link\">\n                                    <a href=\"#\"  rel=\"nofollow\">\n                                         <i class=\"fas fa-chevron-right\" aria-hidden=\"true\"><\/i>\n                                    <\/a>\n                                <\/div>\n                                                    <\/div>\n                    <\/div>\n                <\/div>\n                                <div class=\"het-service-post he-clearfix\">\n                    <div class=\"het-service-icon\">\n                        <i aria-hidden=\"true\" class=\"fas fa-school\"><\/i>                    <\/div>\n\n                    <div class=\"het-service-excerpt\">\n                        <h5>1824<\/h5>\n\n                        <div class=\"het-service-text\">\n                            <div class=\"het-service-excerpt-text\">\n                                \u00cencep\u00e2nd cu anul 1824 parohia greco-catolic\u0103 din Suseni avea o \u0219coal\u0103 \u00eentr-o cl\u0103dire de lemn.                            <\/div>\n\n                                                            <div class=\"het-service-link\">\n                                    <a href=\"#\"  rel=\"nofollow\">\n                                         <i class=\"fas fa-chevron-right\" aria-hidden=\"true\"><\/i>\n                                    <\/a>\n                                <\/div>\n                                                    <\/div>\n                    <\/div>\n                <\/div>\n                                <div class=\"het-service-post he-clearfix\">\n                    <div class=\"het-service-icon\">\n                        <i aria-hidden=\"true\" class=\"fas fa-church\"><\/i>                    <\/div>\n\n                    <div class=\"het-service-excerpt\">\n                        <h5>1895<\/h5>\n\n                        <div class=\"het-service-text\">\n                            <div class=\"het-service-excerpt-text\">\n                                \u00cen 1895 s-a construit noua biseric\u0103 greco-catolic\u0103 din piatr\u0103.                            <\/div>\n\n                                                            <div class=\"het-service-link\">\n                                    <a href=\"#\"  rel=\"nofollow\">\n                                         <i class=\"fas fa-chevron-right\" aria-hidden=\"true\"><\/i>\n                                    <\/a>\n                                <\/div>\n                                                    <\/div>\n                    <\/div>\n                <\/div>\n                                <div class=\"het-service-post he-clearfix\">\n                    <div class=\"het-service-icon\">\n                        <i aria-hidden=\"true\" class=\"fas fa-church\"><\/i>                    <\/div>\n\n                    <div class=\"het-service-excerpt\">\n                        <h5>1913<\/h5>\n\n                        <div class=\"het-service-text\">\n                            <div class=\"het-service-excerpt-text\">\n                                \u00cen 1913 s-a construit noua biseric\u0103 reformat\u0103 l\u00e2ng\u0103 drumul principal.                            <\/div>\n\n                                                            <div class=\"het-service-link\">\n                                    <a href=\"#\"  rel=\"nofollow\">\n                                         <i class=\"fas fa-chevron-right\" aria-hidden=\"true\"><\/i>\n                                    <\/a>\n                                <\/div>\n                                                    <\/div>\n                    <\/div>\n                <\/div>\n                                <div class=\"het-service-post he-clearfix\">\n                    <div class=\"het-service-icon\">\n                        <i aria-hidden=\"true\" class=\"fas fa-award\"><\/i>                    <\/div>\n\n                    <div class=\"het-service-excerpt\">\n                        <h5>1924<\/h5>\n\n                        <div class=\"het-service-text\">\n                            <div class=\"het-service-excerpt-text\">\n                                \u00cen prim\u0103vara anului 1924, \u00een timpul exploat\u0103rii argilei din mina de l\u00e2ng\u0103 fabrica de c\u0103r\u0103mid\u0103 s-a g\u0103sit un depozit de bronzuri din secolul XII \u00ee.e.n. Cel mai frumos dintre toate exemplarele, fibula (bro\u0219a), a devenit un simbol al jude\u021bului Mure\u0219, ap\u0103r\u00e2nd din anul 1998 pe stema jude\u021bului \u0219i din anul 2011 pe stema comunei Suseni.                            <\/div>\n\n                                                            <div class=\"het-service-link\">\n                                    <a href=\"#\"  rel=\"nofollow\">\n                                         <i class=\"fas fa-chevron-right\" aria-hidden=\"true\"><\/i>\n                                    <\/a>\n                                <\/div>\n                                                    <\/div>\n                    <\/div>\n                <\/div>\n                        <\/div>\n        \t\t<\/div>\n\t\t\t\t<\/div>\n\t\t\t\t\t\t<\/div>\n\t\t\t\t\t<\/div>\n\t\t<\/div>\n\t\t\t\t<div class=\"elementor-column elementor-col-50 elementor-top-column elementor-element elementor-element-ca3639c\" data-id=\"ca3639c\" data-element_type=\"column\">\n\t\t\t<div class=\"elementor-column-wrap elementor-element-populated\">\n\t\t\t\t\t\t\t<div class=\"elementor-widget-wrap\">\n\t\t\t\t\t\t<div class=\"elementor-element elementor-element-73dbae0 e-transform elementor-hidden-tablet elementor-hidden-mobile elementor-widget elementor-widget-image\" data-id=\"73dbae0\" data-element_type=\"widget\" data-settings=\"{&quot;_transform_scale_effect&quot;:{&quot;unit&quot;:&quot;px&quot;,&quot;size&quot;:&quot;&quot;,&quot;sizes&quot;:[]},&quot;_transform_scale_effect_tablet&quot;:{&quot;unit&quot;:&quot;px&quot;,&quot;size&quot;:&quot;&quot;,&quot;sizes&quot;:[]},&quot;_transform_scale_effect_mobile&quot;:{&quot;unit&quot;:&quot;px&quot;,&quot;size&quot;:&quot;&quot;,&quot;sizes&quot;:[]}}\" data-widget_type=\"image.default\">\n\t\t\t\t<div class=\"elementor-widget-container\">\n\t\t\t<style>\/*! elementor - v3.17.0 - 08-11-2023 *\/\n.elementor-widget-image{text-align:center}.elementor-widget-image a{display:inline-block}.elementor-widget-image a img[src$=\".svg\"]{width:48px}.elementor-widget-image img{vertical-align:middle;display:inline-block}<\/style>\t\t\t\t\t<div class=\"elementor-image\">\n\t\t\t\t\t\t\t\t\t\t\t\t<img loading=\"lazy\" decoding=\"async\" width=\"661\" height=\"992\" src=\"https:\/\/feelfolu.ro\/wp-content\/uploads\/2022\/10\/img_6652.jpg\" class=\"attachment-full size-full wp-image-1615\" alt=\"\" srcset=\"https:\/\/feelfolu.ro\/wp-content\/uploads\/2022\/10\/img_6652.jpg 661w, https:\/\/feelfolu.ro\/wp-content\/uploads\/2022\/10\/img_6652-200x300.jpg 200w\" sizes=\"auto, (max-width: 661px) 100vw, 661px\" \/>\t\t\t\t\t\t\t\t\t\t\t\t\t\t<\/div>\n\t\t\t\t\t\t<\/div>\n\t\t\t\t<\/div>\n\t\t\t\t\t\t<\/div>\n\t\t\t\t\t<\/div>\n\t\t<\/div>\n\t\t\t\t\t\t\t\t<\/div>\n\t\t\t\t\t<\/div>\n\t\t<\/section>\n\t\t\t\t<section class=\"elementor-section elementor-top-section elementor-element elementor-element-2c41035 elementor-section-content-middle elementor-section-stretched elementor-section-boxed elementor-section-height-default elementor-section-height-default\" data-id=\"2c41035\" data-element_type=\"section\" data-settings=\"{&quot;stretch_section&quot;:&quot;section-stretched&quot;,&quot;background_background&quot;:&quot;classic&quot;}\">\n\t\t\t\t\t\t\t<div class=\"elementor-background-overlay\"><\/div>\n\t\t\t\t\t\t\t<div class=\"elementor-container elementor-column-gap-default\">\n\t\t\t\t\t\t\t<div class=\"elementor-row\">\n\t\t\t\t\t<div class=\"elementor-column elementor-col-50 elementor-top-column elementor-element elementor-element-1200f6e\" data-id=\"1200f6e\" data-element_type=\"column\">\n\t\t\t<div class=\"elementor-column-wrap elementor-element-populated\">\n\t\t\t\t\t\t\t<div class=\"elementor-widget-wrap\">\n\t\t\t\t\t\t<div class=\"elementor-element elementor-element-bd3de37 elementor-widget elementor-widget-heading\" data-id=\"bd3de37\" data-element_type=\"widget\" data-widget_type=\"heading.default\">\n\t\t\t\t<div class=\"elementor-widget-container\">\n\t\t\t<h2 class=\"elementor-heading-title elementor-size-default\">Vrei s\u0103 afli mai multe despre Suseni?<\/h2>\t\t<\/div>\n\t\t\t\t<\/div>\n\t\t\t\t<div class=\"elementor-element elementor-element-54ce1cd elementor-widget elementor-widget-text-editor\" data-id=\"54ce1cd\" data-element_type=\"widget\" data-widget_type=\"text-editor.default\">\n\t\t\t\t<div class=\"elementor-widget-container\">\n\t\t\t\t\t\t\t\t<div class=\"elementor-text-editor elementor-clearfix\">\n\t\t\t\t<p>Comand\u0103 cartea Despre Suseni!<\/p>\t\t\t\t\t<\/div>\n\t\t\t\t\t\t<\/div>\n\t\t\t\t<\/div>\n\t\t\t\t\t\t<\/div>\n\t\t\t\t\t<\/div>\n\t\t<\/div>\n\t\t\t\t<div class=\"elementor-column elementor-col-50 elementor-top-column elementor-element elementor-element-c3ef665\" data-id=\"c3ef665\" data-element_type=\"column\">\n\t\t\t<div class=\"elementor-column-wrap elementor-element-populated\">\n\t\t\t\t\t\t\t<div class=\"elementor-widget-wrap\">\n\t\t\t\t\t\t<div class=\"elementor-element elementor-element-769c89c elementor-align-right elementor-mobile-align-left elementor-widget elementor-widget-button\" data-id=\"769c89c\" data-element_type=\"widget\" data-widget_type=\"button.default\">\n\t\t\t\t<div class=\"elementor-widget-container\">\n\t\t\t\t\t<div class=\"elementor-button-wrapper\">\n\t\t\t<a class=\"elementor-button elementor-button-link elementor-size-md\" href=\"https:\/\/feelfolu.ro\/index.php\/kapcsolat\/\">\n\t\t\t\t\t\t<span class=\"elementor-button-content-wrapper\">\n\t\t\t\t\t\t<span class=\"elementor-button-text\">Kapcsolat<\/span>\n\t\t<\/span>\n\t\t\t\t\t<\/a>\n\t\t<\/div>\n\t\t\t\t<\/div>\n\t\t\t\t<\/div>\n\t\t\t\t\t\t<\/div>\n\t\t\t\t\t<\/div>\n\t\t<\/div>\n\t\t\t\t\t\t\t\t<\/div>\n\t\t\t\t\t<\/div>\n\t\t<\/section>\n\t\t\t\t\t\t\t\t\t<\/div>\n\t\t\t<\/div>\n\t\t\t\t\t<\/div>\n\t\t","protected":false},"excerpt":{"rendered":"<p>Un sat la marginea Depresiunii Colinare a Transilvaniei, la poalele Mun\u0163ilor Carpa\u0163i. O localitate important\u0103 din punct de vedere arheologic, istoric \u0219i religios. O comunitate cu mare varia\u0163ie etnic\u0103. \u00cembinarea mai multor culturi. Diversitatea tradi\u0163iilor, obiceiurilor. Acesta este Suseniul, satul al Asocia\u021biei Pro Feelfolu. Istorie f\u0103lf\u0103lean\u0103 C\u00e2teva date din istoria Suseniului &#8230; Sanctuarul bisericii din [&hellip;]<\/p>\n","protected":false},"author":1,"featured_media":0,"parent":0,"menu_order":0,"comment_status":"closed","ping_status":"closed","template":"","meta":{"footnotes":""},"class_list":["post-1780","page","type-page","status-publish","hentry"],"_links":{"self":[{"href":"https:\/\/feelfolu.ro\/index.php\/wp-json\/wp\/v2\/pages\/1780","targetHints":{"allow":["GET"]}}],"collection":[{"href":"https:\/\/feelfolu.ro\/index.php\/wp-json\/wp\/v2\/pages"}],"about":[{"href":"https:\/\/feelfolu.ro\/index.php\/wp-json\/wp\/v2\/types\/page"}],"author":[{"embeddable":true,"href":"https:\/\/feelfolu.ro\/index.php\/wp-json\/wp\/v2\/users\/1"}],"replies":[{"embeddable":true,"href":"https:\/\/feelfolu.ro\/index.php\/wp-json\/wp\/v2\/comments?post=1780"}],"version-history":[{"count":4,"href":"https:\/\/feelfolu.ro\/index.php\/wp-json\/wp\/v2\/pages\/1780\/revisions"}],"predecessor-version":[{"id":1785,"href":"https:\/\/feelfolu.ro\/index.php\/wp-json\/wp\/v2\/pages\/1780\/revisions\/1785"}],"wp:attachment":[{"href":"https:\/\/feelfolu.ro\/index.php\/wp-json\/wp\/v2\/media?parent=1780"}],"curies":[{"name":"wp","href":"https:\/\/api.w.org\/{rel}","templated":true}]}}