{"id":1740,"date":"2022-10-31T18:10:35","date_gmt":"2022-10-31T18:10:35","guid":{"rendered":"https:\/\/feelfolu.ro\/?page_id=1740"},"modified":"2022-10-31T18:10:37","modified_gmt":"2022-10-31T18:10:37","slug":"historia","status":"publish","type":"page","link":"https:\/\/feelfolu.ro\/index.php\/rr\/historia\/","title":{"rendered":"HIST\u00d2RIA"},"content":{"rendered":"\t\t<div data-elementor-type=\"wp-page\" data-elementor-id=\"1740\" class=\"elementor elementor-1740\">\n\t\t\t\t\t\t<div class=\"elementor-inner\">\n\t\t\t\t<div class=\"elementor-section-wrap\">\n\t\t\t\t\t\t\t\t\t<section class=\"elementor-section elementor-top-section elementor-element elementor-element-eaed85e elementor-section-content-middle elementor-section-boxed elementor-section-height-default elementor-section-height-default\" data-id=\"eaed85e\" data-element_type=\"section\">\n\t\t\t\t\t\t<div class=\"elementor-container elementor-column-gap-wider\">\n\t\t\t\t\t\t\t<div class=\"elementor-row\">\n\t\t\t\t\t<div class=\"elementor-column elementor-col-100 elementor-top-column elementor-element elementor-element-da42a81\" data-id=\"da42a81\" data-element_type=\"column\">\n\t\t\t<div class=\"elementor-column-wrap elementor-element-populated\">\n\t\t\t\t\t\t\t<div class=\"elementor-widget-wrap\">\n\t\t\t\t\t\t<div class=\"elementor-element elementor-element-9fa16a3 elementor-widget elementor-widget-text-editor\" data-id=\"9fa16a3\" data-element_type=\"widget\" data-widget_type=\"text-editor.default\">\n\t\t\t\t<div class=\"elementor-widget-container\">\n\t\t\t<style>\/*! elementor - v3.17.0 - 08-11-2023 *\/\n.elementor-widget-text-editor.elementor-drop-cap-view-stacked .elementor-drop-cap{background-color:#69727d;color:#fff}.elementor-widget-text-editor.elementor-drop-cap-view-framed .elementor-drop-cap{color:#69727d;border:3px solid;background-color:transparent}.elementor-widget-text-editor:not(.elementor-drop-cap-view-default) .elementor-drop-cap{margin-top:8px}.elementor-widget-text-editor:not(.elementor-drop-cap-view-default) .elementor-drop-cap-letter{width:1em;height:1em}.elementor-widget-text-editor .elementor-drop-cap{float:left;text-align:center;line-height:1;font-size:50px}.elementor-widget-text-editor .elementor-drop-cap-letter{display:inline-block}<\/style>\t\t\t\t\t<div class=\"elementor-text-editor elementor-clearfix\">\n\t\t\t\t<p>Egy falu az Erd\u00e9lyi Medence sz\u00e9l\u00e9n, a K\u00e1rp\u00e1tok l\u00e1b\u00e1n\u00e1l. Egy archeol\u00f3giailag, t\u00f6rt\u00e9nelmileg \u00e9s vall\u00e1silag egyar\u00e1nt fontos telep\u00fcl\u00e9s. Egy etnikailag nagyon v\u00e1ltozatos k\u00f6z\u00f6ss\u00e9g. Kult\u00far\u00e1k \u00f6tv\u00f6z\u0151d\u00e9se. Hagyom\u00e1nyok, szok\u00e1sok soksz\u00edn\u0171s\u00e9ge. Ez Marosfelfalu, a Pro Feelfolu Egyes\u00fclet sz\u00fcl\u0151faluja.<\/p>\t\t\t\t\t<\/div>\n\t\t\t\t\t\t<\/div>\n\t\t\t\t<\/div>\n\t\t\t\t\t\t<\/div>\n\t\t\t\t\t<\/div>\n\t\t<\/div>\n\t\t\t\t\t\t\t\t<\/div>\n\t\t\t\t\t<\/div>\n\t\t<\/section>\n\t\t\t\t<section class=\"elementor-section elementor-top-section elementor-element elementor-element-cf51a9f elementor-section-full_width elementor-section-height-default elementor-section-height-default\" data-id=\"cf51a9f\" data-element_type=\"section\" data-settings=\"{&quot;background_background&quot;:&quot;classic&quot;}\">\n\t\t\t\t\t\t<div class=\"elementor-container elementor-column-gap-no\">\n\t\t\t\t\t\t\t<div class=\"elementor-row\">\n\t\t\t\t\t<div class=\"elementor-column elementor-col-50 elementor-top-column elementor-element elementor-element-9dc0da2\" data-id=\"9dc0da2\" data-element_type=\"column\">\n\t\t\t<div class=\"elementor-column-wrap elementor-element-populated\">\n\t\t\t\t\t\t\t<div class=\"elementor-widget-wrap\">\n\t\t\t\t\t\t<div class=\"elementor-element elementor-element-3481efd elementor-widget elementor-widget-heading\" data-id=\"3481efd\" data-element_type=\"widget\" data-widget_type=\"heading.default\">\n\t\t\t\t<div class=\"elementor-widget-container\">\n\t\t\t<style>\/*! elementor - v3.17.0 - 08-11-2023 *\/\n.elementor-heading-title{padding:0;margin:0;line-height:1}.elementor-widget-heading .elementor-heading-title[class*=elementor-size-]>a{color:inherit;font-size:inherit;line-height:inherit}.elementor-widget-heading .elementor-heading-title.elementor-size-small{font-size:15px}.elementor-widget-heading .elementor-heading-title.elementor-size-medium{font-size:19px}.elementor-widget-heading .elementor-heading-title.elementor-size-large{font-size:29px}.elementor-widget-heading .elementor-heading-title.elementor-size-xl{font-size:39px}.elementor-widget-heading .elementor-heading-title.elementor-size-xxl{font-size:59px}<\/style><h2 class=\"elementor-heading-title elementor-size-default\">Felfalusi t\u00f6rt\u00e9nelem<\/h2>\t\t<\/div>\n\t\t\t\t<\/div>\n\t\t\t\t<div class=\"elementor-element elementor-element-14c2a57 elementor-widget elementor-widget-text-editor\" data-id=\"14c2a57\" data-element_type=\"widget\" data-widget_type=\"text-editor.default\">\n\t\t\t\t<div class=\"elementor-widget-container\">\n\t\t\t\t\t\t\t\t<div class=\"elementor-text-editor elementor-clearfix\">\n\t\t\t\t<p>N\u00e9h\u00e1ny adat Marosfelfalu t\u00f6rt\u00e9nelm\u00e9b\u0151l<\/p>\t\t\t\t\t<\/div>\n\t\t\t\t\t\t<\/div>\n\t\t\t\t<\/div>\n\t\t\t\t<div class=\"elementor-element elementor-element-42f03ec elementor-widget elementor-widget-total-service-block\" data-id=\"42f03ec\" data-element_type=\"widget\" data-widget_type=\"total-service-block.default\">\n\t\t\t\t<div class=\"elementor-widget-container\">\n\t\t\t        <div class=\"het-service-post-wrap\">\n                            <div class=\"het-service-post he-clearfix\">\n                    <div class=\"het-service-icon\">\n                        <i aria-hidden=\"true\" class=\"fas fa-church\"><\/i>                    <\/div>\n\n                    <div class=\"het-service-excerpt\">\n                        <h5>...<\/h5>\n\n                        <div class=\"het-service-text\">\n                            <div class=\"het-service-excerpt-text\">\n                                Az \u00c1rp\u00e1d-kori templom szent\u00e9lye a XII. sz\u00e1zad m\u00e1sodik fel\u00e9ben \u00e9p\u00fclt, a Maros mell\u00e9k\u00e1ga, a malom\u00e1rok jobb partj\u00e1n II. G\u00e1za (1141-1161) magyar kir\u00e1ly idej\u00e9n, m\u00edg haj\u00f3ja IV. B\u00e9la (1235-1270) kor\u00e1ban \u00e9p\u00fclt.                            <\/div>\n\n                                                            <div class=\"het-service-link\">\n                                    <a href=\"#\"  rel=\"nofollow\">\n                                         <i class=\"fas fa-chevron-right\" aria-hidden=\"true\"><\/i>\n                                    <\/a>\n                                <\/div>\n                                                    <\/div>\n                    <\/div>\n                <\/div>\n                                <div class=\"het-service-post he-clearfix\">\n                    <div class=\"het-service-icon\">\n                        <i aria-hidden=\"true\" class=\"fas fa-pencil-alt\"><\/i>                    <\/div>\n\n                    <div class=\"het-service-excerpt\">\n                        <h5>1319<\/h5>\n\n                        <div class=\"het-service-text\">\n                            <div class=\"het-service-excerpt-text\">\n                                Marosfelfalu els\u0151, ismert \u00edr\u00e1sos eml\u00edt\u00e9se, Feelfolu, Losonczy D\u00e9nes hagyat\u00e9k\u00e1ban, amely 1319. december 14-ei keltez\u00e9s\u0171. Felfalu birtokot fia, Dezs\u0151 kapja.                            <\/div>\n\n                                                            <div class=\"het-service-link\">\n                                    <a href=\"#\"  rel=\"nofollow\">\n                                         <i class=\"fas fa-chevron-right\" aria-hidden=\"true\"><\/i>\n                                    <\/a>\n                                <\/div>\n                                                    <\/div>\n                    <\/div>\n                <\/div>\n                                <div class=\"het-service-post he-clearfix\">\n                    <div class=\"het-service-icon\">\n                        <i aria-hidden=\"true\" class=\"fas fa-church\"><\/i>                    <\/div>\n\n                    <div class=\"het-service-excerpt\">\n                        <h5>1427<\/h5>\n\n                        <div class=\"het-service-text\">\n                            <div class=\"het-service-excerpt-text\">\n                                1427. december 13-\u00e1n Losonczi Dezs\u0151fi J\u00e1nos enged\u00e9lyt kapott V. M\u00e1rton p\u00e1p\u00e1t\u00f3l, hogy Szent Mih\u00e1ly tisztelet\u00e9re templomot \u00e9s ferences kolostort \u00e9p\u00edttessen a mai temet\u0151 hely\u00e9n. A kolostor 1540-ig m\u0171k\u00f6d\u00f6tt.                            <\/div>\n\n                                                            <div class=\"het-service-link\">\n                                    <a href=\"#\"  rel=\"nofollow\">\n                                         <i class=\"fas fa-chevron-right\" aria-hidden=\"true\"><\/i>\n                                    <\/a>\n                                <\/div>\n                                                    <\/div>\n                    <\/div>\n                <\/div>\n                                <div class=\"het-service-post he-clearfix\">\n                    <div class=\"het-service-icon\">\n                        <i aria-hidden=\"true\" class=\"fas fa-star-of-life\"><\/i>                    <\/div>\n\n                    <div class=\"het-service-excerpt\">\n                        <h5>1595<\/h5>\n\n                        <div class=\"het-service-text\">\n                            <div class=\"het-service-excerpt-text\">\n                                M\u00e1r 1525-ben Felfalu katolikus lelk\u00e9sz\u00e9t hit\u00faj\u00edt\u00e1ssal v\u00e1dolj\u00e1k. A reform\u00e1tus egyh\u00e1z \u00edr\u00e1sos eml\u00edt\u00e9s\u00e9nek ideje 1595. Ez id\u0151b\u0151l val\u00f3 a haszn\u00e1laton k\u00edv\u00fcli r\u00e9gi harang II. Rudolf cs\u00e1sz\u00e1r mellk\u00e9p\u00e9vel, a k\u00f6vetkez\u0151 felirattal: &quot;Spes mea est Cristus 1598&quot;.                            <\/div>\n\n                                                            <div class=\"het-service-link\">\n                                    <a href=\"#\"  rel=\"nofollow\">\n                                         <i class=\"fas fa-chevron-right\" aria-hidden=\"true\"><\/i>\n                                    <\/a>\n                                <\/div>\n                                                    <\/div>\n                    <\/div>\n                <\/div>\n                                <div class=\"het-service-post he-clearfix\">\n                    <div class=\"het-service-icon\">\n                        <i aria-hidden=\"true\" class=\"fas fa-monument\"><\/i>                    <\/div>\n\n                    <div class=\"het-service-excerpt\">\n                        <h5>1658<\/h5>\n\n                        <div class=\"het-service-text\">\n                            <div class=\"het-service-excerpt-text\">\n                                Az 1658-as tat\u00e1rj\u00e1r\u00e1s, jelent\u0151s k\u00e1rokat okozott. A tat\u00e1rok \u00f6sszegy\u0171jt\u00f6tt\u00e9k a falu n\u00e9p\u00e9t, bez\u00e1rt\u00e1k a templomba \u00e9s r\u00e1juk gy\u00fajtott\u00e1k a templomot. A kev\u00e9s t\u00fal\u00e9l\u0151, akik el tudtak menek\u00fclni a k\u00f6zeli erd\u0151kbe, halottaikat t\u00f6megs\u00edrba temett\u00e9k a templomkertbe.                            <\/div>\n\n                                                            <div class=\"het-service-link\">\n                                    <a href=\"#\"  rel=\"nofollow\">\n                                         <i class=\"fas fa-chevron-right\" aria-hidden=\"true\"><\/i>\n                                    <\/a>\n                                <\/div>\n                                                    <\/div>\n                    <\/div>\n                <\/div>\n                                <div class=\"het-service-post he-clearfix\">\n                    <div class=\"het-service-icon\">\n                        <i aria-hidden=\"true\" class=\"fas fa-school\"><\/i>                    <\/div>\n\n                    <div class=\"het-service-excerpt\">\n                        <h5>1722<\/h5>\n\n                        <div class=\"het-service-text\">\n                            <div class=\"het-service-excerpt-text\">\n                                Felfaluban az iskolai oktat\u00e1s kezdete a XVIII. sz\u00e1zad els\u0151 fel\u00e9re tehet\u0151. A reform\u00e1tus iskol\u00e1t 1722-ben szervezt\u00e9k meg. Az iskola felszerel\u00e9se kezdetleges volt, kev\u00e9s iskolak\u00f6teles jobb\u00e1gygyermek l\u00e1togatta.                            <\/div>\n\n                                                            <div class=\"het-service-link\">\n                                    <a href=\"#\"  rel=\"nofollow\">\n                                         <i class=\"fas fa-chevron-right\" aria-hidden=\"true\"><\/i>\n                                    <\/a>\n                                <\/div>\n                                                    <\/div>\n                    <\/div>\n                <\/div>\n                                <div class=\"het-service-post he-clearfix\">\n                    <div class=\"het-service-icon\">\n                        <i aria-hidden=\"true\" class=\"fas fa-church\"><\/i>                    <\/div>\n\n                    <div class=\"het-service-excerpt\">\n                        <h5>1727<\/h5>\n\n                        <div class=\"het-service-text\">\n                            <div class=\"het-service-excerpt-text\">\n                                1727-ben alakul meg Felfaluban a g\u00f6r\u00f6g-katolikus egyh\u00e1z Inocen\u0163iu Micu-Klein p\u00fcsp\u00f6k idej\u00e9ben, papja Petru.                            <\/div>\n\n                                                            <div class=\"het-service-link\">\n                                    <a href=\"#\"  rel=\"nofollow\">\n                                         <i class=\"fas fa-chevron-right\" aria-hidden=\"true\"><\/i>\n                                    <\/a>\n                                <\/div>\n                                                    <\/div>\n                    <\/div>\n                <\/div>\n                                <div class=\"het-service-post he-clearfix\">\n                    <div class=\"het-service-icon\">\n                        <i aria-hidden=\"true\" class=\"fas fa-school\"><\/i>                    <\/div>\n\n                    <div class=\"het-service-excerpt\">\n                        <h5>1824<\/h5>\n\n                        <div class=\"het-service-text\">\n                            <div class=\"het-service-excerpt-text\">\n                                1824-t\u0151l a felfalusi g\u00f6r\u00f6g-katolikus egyh\u00e1zk\u00f6zs\u00e9g iskol\u00e1t m\u0171k\u00f6dtetett egy fa \u00e9p\u00fcletben.                            <\/div>\n\n                                                            <div class=\"het-service-link\">\n                                    <a href=\"#\"  rel=\"nofollow\">\n                                         <i class=\"fas fa-chevron-right\" aria-hidden=\"true\"><\/i>\n                                    <\/a>\n                                <\/div>\n                                                    <\/div>\n                    <\/div>\n                <\/div>\n                                <div class=\"het-service-post he-clearfix\">\n                    <div class=\"het-service-icon\">\n                        <i aria-hidden=\"true\" class=\"fas fa-church\"><\/i>                    <\/div>\n\n                    <div class=\"het-service-excerpt\">\n                        <h5>1895<\/h5>\n\n                        <div class=\"het-service-text\">\n                            <div class=\"het-service-excerpt-text\">\n                                1895-ben fel\u00e9p\u00fcl az \u00faj g\u00f6r\u00f6g-katolikus templom k\u0151b\u0151l.                            <\/div>\n\n                                                            <div class=\"het-service-link\">\n                                    <a href=\"#\"  rel=\"nofollow\">\n                                         <i class=\"fas fa-chevron-right\" aria-hidden=\"true\"><\/i>\n                                    <\/a>\n                                <\/div>\n                                                    <\/div>\n                    <\/div>\n                <\/div>\n                                <div class=\"het-service-post he-clearfix\">\n                    <div class=\"het-service-icon\">\n                        <i aria-hidden=\"true\" class=\"fas fa-church\"><\/i>                    <\/div>\n\n                    <div class=\"het-service-excerpt\">\n                        <h5>1913<\/h5>\n\n                        <div class=\"het-service-text\">\n                            <div class=\"het-service-excerpt-text\">\n                                1913-ban fel\u00e9p\u00fcl az \u00faj reform\u00e1tus templom a f\u0151\u00fat mellett.                            <\/div>\n\n                                                            <div class=\"het-service-link\">\n                                    <a href=\"#\"  rel=\"nofollow\">\n                                         <i class=\"fas fa-chevron-right\" aria-hidden=\"true\"><\/i>\n                                    <\/a>\n                                <\/div>\n                                                    <\/div>\n                    <\/div>\n                <\/div>\n                                <div class=\"het-service-post he-clearfix\">\n                    <div class=\"het-service-icon\">\n                        <i aria-hidden=\"true\" class=\"fas fa-award\"><\/i>                    <\/div>\n\n                    <div class=\"het-service-excerpt\">\n                        <h5>1924<\/h5>\n\n                        <div class=\"het-service-text\">\n                            <div class=\"het-service-excerpt-text\">\n                                1924 tavasz\u00e1n, a pala kitermel\u00e9se sor\u00e1n a t\u00e9glagy\u00e1r melletti b\u00e1ny\u00e1ban egy bronz let\u00e9tet tal\u00e1ltak, amely i.e. a XII. sz\u00e1zadb\u00f3l val\u00f3. A legszebb, egy bronzkori fibula, bross, Maros megye jelk\u00e9p\u00e9v\u00e9 v\u00e1lt, megjelenik 1998-t\u00f3l Maros megye \u00e9s 2011-t\u0151l Marosfelfalu k\u00f6zs\u00e9g c\u00edmer\u00e9n.                            <\/div>\n\n                                                            <div class=\"het-service-link\">\n                                    <a href=\"#\"  rel=\"nofollow\">\n                                         <i class=\"fas fa-chevron-right\" aria-hidden=\"true\"><\/i>\n                                    <\/a>\n                                <\/div>\n                                                    <\/div>\n                    <\/div>\n                <\/div>\n                        <\/div>\n        \t\t<\/div>\n\t\t\t\t<\/div>\n\t\t\t\t\t\t<\/div>\n\t\t\t\t\t<\/div>\n\t\t<\/div>\n\t\t\t\t<div class=\"elementor-column elementor-col-50 elementor-top-column elementor-element elementor-element-ca3639c\" data-id=\"ca3639c\" data-element_type=\"column\">\n\t\t\t<div class=\"elementor-column-wrap elementor-element-populated\">\n\t\t\t\t\t\t\t<div class=\"elementor-widget-wrap\">\n\t\t\t\t\t\t<div class=\"elementor-element elementor-element-73dbae0 e-transform elementor-hidden-tablet elementor-hidden-mobile elementor-widget elementor-widget-image\" data-id=\"73dbae0\" data-element_type=\"widget\" data-settings=\"{&quot;_transform_scale_effect&quot;:{&quot;unit&quot;:&quot;px&quot;,&quot;size&quot;:&quot;&quot;,&quot;sizes&quot;:[]},&quot;_transform_scale_effect_tablet&quot;:{&quot;unit&quot;:&quot;px&quot;,&quot;size&quot;:&quot;&quot;,&quot;sizes&quot;:[]},&quot;_transform_scale_effect_mobile&quot;:{&quot;unit&quot;:&quot;px&quot;,&quot;size&quot;:&quot;&quot;,&quot;sizes&quot;:[]}}\" data-widget_type=\"image.default\">\n\t\t\t\t<div class=\"elementor-widget-container\">\n\t\t\t<style>\/*! elementor - v3.17.0 - 08-11-2023 *\/\n.elementor-widget-image{text-align:center}.elementor-widget-image a{display:inline-block}.elementor-widget-image a img[src$=\".svg\"]{width:48px}.elementor-widget-image img{vertical-align:middle;display:inline-block}<\/style>\t\t\t\t\t<div class=\"elementor-image\">\n\t\t\t\t\t\t\t\t\t\t\t\t<img loading=\"lazy\" decoding=\"async\" width=\"661\" height=\"992\" src=\"https:\/\/feelfolu.ro\/wp-content\/uploads\/2022\/10\/img_6652.jpg\" class=\"attachment-full size-full wp-image-1615\" alt=\"\" srcset=\"https:\/\/feelfolu.ro\/wp-content\/uploads\/2022\/10\/img_6652.jpg 661w, https:\/\/feelfolu.ro\/wp-content\/uploads\/2022\/10\/img_6652-200x300.jpg 200w\" sizes=\"auto, (max-width: 661px) 100vw, 661px\" \/>\t\t\t\t\t\t\t\t\t\t\t\t\t\t<\/div>\n\t\t\t\t\t\t<\/div>\n\t\t\t\t<\/div>\n\t\t\t\t\t\t<\/div>\n\t\t\t\t\t<\/div>\n\t\t<\/div>\n\t\t\t\t\t\t\t\t<\/div>\n\t\t\t\t\t<\/div>\n\t\t<\/section>\n\t\t\t\t<section class=\"elementor-section elementor-top-section elementor-element elementor-element-2c41035 elementor-section-content-middle elementor-section-stretched elementor-section-boxed elementor-section-height-default elementor-section-height-default\" data-id=\"2c41035\" data-element_type=\"section\" data-settings=\"{&quot;stretch_section&quot;:&quot;section-stretched&quot;,&quot;background_background&quot;:&quot;classic&quot;}\">\n\t\t\t\t\t\t\t<div class=\"elementor-background-overlay\"><\/div>\n\t\t\t\t\t\t\t<div class=\"elementor-container elementor-column-gap-default\">\n\t\t\t\t\t\t\t<div class=\"elementor-row\">\n\t\t\t\t\t<div class=\"elementor-column elementor-col-50 elementor-top-column elementor-element elementor-element-1200f6e\" data-id=\"1200f6e\" data-element_type=\"column\">\n\t\t\t<div class=\"elementor-column-wrap elementor-element-populated\">\n\t\t\t\t\t\t\t<div class=\"elementor-widget-wrap\">\n\t\t\t\t\t\t<div class=\"elementor-element elementor-element-bd3de37 elementor-widget elementor-widget-heading\" data-id=\"bd3de37\" data-element_type=\"widget\" data-widget_type=\"heading.default\">\n\t\t\t\t<div class=\"elementor-widget-container\">\n\t\t\t<h2 class=\"elementor-heading-title elementor-size-default\">T\u00f6bbet akarsz tudni Marosfelfalur\u00f3l?<\/h2>\t\t<\/div>\n\t\t\t\t<\/div>\n\t\t\t\t<div class=\"elementor-element elementor-element-54ce1cd elementor-widget elementor-widget-text-editor\" data-id=\"54ce1cd\" data-element_type=\"widget\" data-widget_type=\"text-editor.default\">\n\t\t\t\t<div class=\"elementor-widget-container\">\n\t\t\t\t\t\t\t\t<div class=\"elementor-text-editor elementor-clearfix\">\n\t\t\t\t<p>Rendeld meg a Felfalur\u00f3l c\u00edm\u0171 k\u00f6nyvet!<\/p>\t\t\t\t\t<\/div>\n\t\t\t\t\t\t<\/div>\n\t\t\t\t<\/div>\n\t\t\t\t\t\t<\/div>\n\t\t\t\t\t<\/div>\n\t\t<\/div>\n\t\t\t\t<div class=\"elementor-column elementor-col-50 elementor-top-column elementor-element elementor-element-c3ef665\" data-id=\"c3ef665\" data-element_type=\"column\">\n\t\t\t<div class=\"elementor-column-wrap elementor-element-populated\">\n\t\t\t\t\t\t\t<div class=\"elementor-widget-wrap\">\n\t\t\t\t\t\t<div class=\"elementor-element elementor-element-769c89c elementor-align-right elementor-mobile-align-left elementor-widget elementor-widget-button\" data-id=\"769c89c\" data-element_type=\"widget\" data-widget_type=\"button.default\">\n\t\t\t\t<div class=\"elementor-widget-container\">\n\t\t\t\t\t<div class=\"elementor-button-wrapper\">\n\t\t\t<a class=\"elementor-button elementor-button-link elementor-size-md\" href=\"https:\/\/feelfolu.ro\/index.php\/kapcsolat\/\">\n\t\t\t\t\t\t<span class=\"elementor-button-content-wrapper\">\n\t\t\t\t\t\t<span class=\"elementor-button-text\">Kapcsolat<\/span>\n\t\t<\/span>\n\t\t\t\t\t<\/a>\n\t\t<\/div>\n\t\t\t\t<\/div>\n\t\t\t\t<\/div>\n\t\t\t\t\t\t<\/div>\n\t\t\t\t\t<\/div>\n\t\t<\/div>\n\t\t\t\t\t\t\t\t<\/div>\n\t\t\t\t\t<\/div>\n\t\t<\/section>\n\t\t\t\t\t\t\t\t\t<\/div>\n\t\t\t<\/div>\n\t\t\t\t\t<\/div>\n\t\t","protected":false},"excerpt":{"rendered":"","protected":false},"author":1,"featured_media":0,"parent":0,"menu_order":0,"comment_status":"closed","ping_status":"closed","template":"","meta":{"footnotes":""},"class_list":["post-1740","page","type-page","status-publish","hentry"],"_links":{"self":[{"href":"https:\/\/feelfolu.ro\/index.php\/wp-json\/wp\/v2\/pages\/1740","targetHints":{"allow":["GET"]}}],"collection":[{"href":"https:\/\/feelfolu.ro\/index.php\/wp-json\/wp\/v2\/pages"}],"about":[{"href":"https:\/\/feelfolu.ro\/index.php\/wp-json\/wp\/v2\/types\/page"}],"author":[{"embeddable":true,"href":"https:\/\/feelfolu.ro\/index.php\/wp-json\/wp\/v2\/users\/1"}],"replies":[{"embeddable":true,"href":"https:\/\/feelfolu.ro\/index.php\/wp-json\/wp\/v2\/comments?post=1740"}],"version-history":[{"count":1,"href":"https:\/\/feelfolu.ro\/index.php\/wp-json\/wp\/v2\/pages\/1740\/revisions"}],"predecessor-version":[{"id":1741,"href":"https:\/\/feelfolu.ro\/index.php\/wp-json\/wp\/v2\/pages\/1740\/revisions\/1741"}],"wp:attachment":[{"href":"https:\/\/feelfolu.ro\/index.php\/wp-json\/wp\/v2\/media?parent=1740"}],"curies":[{"name":"wp","href":"https:\/\/api.w.org\/{rel}","templated":true}]}}