{"id":1695,"date":"2022-10-31T14:57:56","date_gmt":"2022-10-31T14:57:56","guid":{"rendered":"https:\/\/feelfolu.ro\/?page_id=1695"},"modified":"2022-10-31T18:20:37","modified_gmt":"2022-10-31T18:20:37","slug":"farfulovo","status":"publish","type":"page","link":"https:\/\/feelfolu.ro\/index.php\/rr\/farfulovo\/","title":{"rendered":"Farfulovo"},"content":{"rendered":"\t\t<div data-elementor-type=\"wp-page\" data-elementor-id=\"1695\" class=\"elementor elementor-1695\">\n\t\t\t\t\t\t<div class=\"elementor-inner\">\n\t\t\t\t<div class=\"elementor-section-wrap\">\n\t\t\t\t\t\t\t\t\t<section class=\"elementor-section elementor-top-section elementor-element elementor-element-193b571 elementor-section-full_width elementor-section-height-default elementor-section-height-default\" data-id=\"193b571\" data-element_type=\"section\" data-settings=\"{&quot;background_background&quot;:&quot;classic&quot;}\">\n\t\t\t\t\t\t<div class=\"elementor-container elementor-column-gap-no\">\n\t\t\t\t\t\t\t<div class=\"elementor-row\">\n\t\t\t\t\t<div class=\"elementor-column elementor-col-50 elementor-top-column elementor-element elementor-element-6b93f2d\" data-id=\"6b93f2d\" data-element_type=\"column\">\n\t\t\t<div class=\"elementor-column-wrap elementor-element-populated\">\n\t\t\t\t\t\t\t<div class=\"elementor-widget-wrap\">\n\t\t\t\t\t\t<div class=\"elementor-element elementor-element-4451866 elementor-widget elementor-widget-heading\" data-id=\"4451866\" data-element_type=\"widget\" data-widget_type=\"heading.default\">\n\t\t\t\t<div class=\"elementor-widget-container\">\n\t\t\t<style>\/*! elementor - v3.17.0 - 08-11-2023 *\/\n.elementor-heading-title{padding:0;margin:0;line-height:1}.elementor-widget-heading .elementor-heading-title[class*=elementor-size-]>a{color:inherit;font-size:inherit;line-height:inherit}.elementor-widget-heading .elementor-heading-title.elementor-size-small{font-size:15px}.elementor-widget-heading .elementor-heading-title.elementor-size-medium{font-size:19px}.elementor-widget-heading .elementor-heading-title.elementor-size-large{font-size:29px}.elementor-widget-heading .elementor-heading-title.elementor-size-xl{font-size:39px}.elementor-widget-heading .elementor-heading-title.elementor-size-xxl{font-size:59px}<\/style><h2 class=\"elementor-heading-title elementor-size-default\">HIST\u00d2RIA<\/h2>\t\t<\/div>\n\t\t\t\t<\/div>\n\t\t\t\t<div class=\"elementor-element elementor-element-e7b1f2e elementor-widget elementor-widget-total-service-block\" data-id=\"e7b1f2e\" data-element_type=\"widget\" data-widget_type=\"total-service-block.default\">\n\t\t\t\t<div class=\"elementor-widget-container\">\n\t\t\t        <div class=\"het-service-post-wrap\">\n                            <div class=\"het-service-post he-clearfix\">\n                    <div class=\"het-service-icon\">\n                        <i aria-hidden=\"true\" class=\"fas fa-church\"><\/i>                    <\/div>\n\n                    <div class=\"het-service-excerpt\">\n                        <h5>...<\/h5>\n\n                        <div class=\"het-service-text\">\n                            <div class=\"het-service-excerpt-text\">\n                                O somnalipen khanger\u01ceqo an\u0275ar-I arpad\u01cenon epoka kerd\u01ces pes an\u0275-o dujto rig e \u015beliber\u015besqi XII-to pe \u0107a\u0107i rig nesave angal\u01ceqo e len\u01ceqe Mure\u015b e vajsavesqo xaxoj p-o vaxt e Hungar\u01ceqe thagaresqo Geza o II-to (1141-1161), tha I \u015berutni khanger\u01ceqi rig vaxtes\u0275e o rajipen o Bela o IV-to (1235-1270).                            <\/div>\n\n                                                            <div class=\"het-service-link\">\n                                    <a href=\"#\"  rel=\"nofollow\">\n                                         <i class=\"fas fa-chevron-right\" aria-hidden=\"true\"><\/i>\n                                    <\/a>\n                                <\/div>\n                                                    <\/div>\n                    <\/div>\n                <\/div>\n                                <div class=\"het-service-post he-clearfix\">\n                    <div class=\"het-service-icon\">\n                        <i aria-hidden=\"true\" class=\"fas fa-pencil-alt\"><\/i>                    <\/div>\n\n                    <div class=\"het-service-excerpt\">\n                        <h5>1319<\/h5>\n\n                        <div class=\"het-service-text\">\n                            <div class=\"het-service-excerpt-text\">\n                                Ojekhto atestac\u01ceqe lila prin\u01b7ande palal Farfulovo datisaren pen an\u0275ar-o 14 decembro 1319 thaj anklel sar Feelfolu an\u0275ar-o theripen e Losonczy Dezs\u0151, lesqo \u0107havo xudel e Farfulovosqo theripen.                            <\/div>\n\n                                                            <div class=\"het-service-link\">\n                                    <a href=\"#\"  rel=\"nofollow\">\n                                         <i class=\"fas fa-chevron-right\" aria-hidden=\"true\"><\/i>\n                                    <\/a>\n                                <\/div>\n                                                    <\/div>\n                    <\/div>\n                <\/div>\n                                <div class=\"het-service-post he-clearfix\">\n                    <div class=\"het-service-icon\">\n                        <i aria-hidden=\"true\" class=\"fas fa-church\"><\/i>                    <\/div>\n\n                    <div class=\"het-service-excerpt\">\n                        <h5>1427<\/h5>\n\n                        <div class=\"het-service-text\">\n                            <div class=\"het-service-excerpt-text\">\n                                K-o 13 decembro 1427 o Los\u015bonczy Dezs\u0151fi Janos xun\u01ces o mukhipen katar o papa Martin o IV-to te kerel jekh khangeri thaj franciskani relig\u01ceqi instituc\u01ce pativ\u01ceqe o Sf. Mihail p-o akanutno limorosqo than. E relig\u01ceqi instituc\u01ce nikerd\u01ces \u01b7i ber\u015bes\u0275e 1540.                            <\/div>\n\n                                                            <div class=\"het-service-link\">\n                                    <a href=\"#\"  rel=\"nofollow\">\n                                         <i class=\"fas fa-chevron-right\" aria-hidden=\"true\"><\/i>\n                                    <\/a>\n                                <\/div>\n                                                    <\/div>\n                    <\/div>\n                <\/div>\n                                <div class=\"het-service-post he-clearfix\">\n                    <div class=\"het-service-icon\">\n                        <i aria-hidden=\"true\" class=\"fas fa-star-of-life\"><\/i>                    <\/div>\n\n                    <div class=\"het-service-excerpt\">\n                        <h5>1595<\/h5>\n\n                        <div class=\"het-service-text\">\n                            <div class=\"het-service-excerpt-text\">\n                                Inke ber\u015bes\u0275e 1525 o katolikon ra\u015baj an\u0275ar-o Farfulovo sasas do\u015bal\u01cerdo reforma\u0275ar. E reformaton khangeri an\u0275ar-o Farfulovo sasas lipardi an\u0275-e xramosarimata \u015birdindoj e ber\u015ben\u04aba 1595. An\u0275ar kadava per\u01d2da nikerd\u01ces e purani kampana avri unkadi uzos\u0275ar e busto\u04aba e thagaresqo Rudolf o II-to isindoj o avutno xramosaripen &quot;Spes mea est Cristus 1598&quot;.                            <\/div>\n\n                                                            <div class=\"het-service-link\">\n                                    <a href=\"#\"  rel=\"nofollow\">\n                                         <i class=\"fas fa-chevron-right\" aria-hidden=\"true\"><\/i>\n                                    <\/a>\n                                <\/div>\n                                                    <\/div>\n                    <\/div>\n                <\/div>\n                                <div class=\"het-service-post he-clearfix\">\n                    <div class=\"het-service-icon\">\n                        <i aria-hidden=\"true\" class=\"fas fa-monument\"><\/i>                    <\/div>\n\n                    <div class=\"het-service-excerpt\">\n                        <h5>1658<\/h5>\n\n                        <div class=\"het-service-text\">\n                            <div class=\"het-service-excerpt-text\">\n                                E t\u01cet\u01cer\u01cenqi ivaz\u01ce an\u0275ar-o ber\u015b 1685 kerd\u01ces bari mosarimata thaj xasarimata.O t\u01cetar\u01ce andre phangle e gavutnen khangera\u01ce\u0275e thaj dine jag khanger\u01ceqe. Kodola nesave oprerivdisarde, save xastalde garuvdepen an\u0275-e pa\u015bal ve\u015ba, parunde penqe mulen an\u0275-e jekh khetanutno limoro ande khanger\u01ceqi ber.                            <\/div>\n\n                                                            <div class=\"het-service-link\">\n                                    <a href=\"#\"  rel=\"nofollow\">\n                                         <i class=\"fas fa-chevron-right\" aria-hidden=\"true\"><\/i>\n                                    <\/a>\n                                <\/div>\n                                                    <\/div>\n                    <\/div>\n                <\/div>\n                                <div class=\"het-service-post he-clearfix\">\n                    <div class=\"het-service-icon\">\n                        <i aria-hidden=\"true\" class=\"fas fa-school\"><\/i>                    <\/div>\n\n                    <div class=\"het-service-excerpt\">\n                        <h5>1722<\/h5>\n\n                        <div class=\"het-service-text\">\n                            <div class=\"het-service-excerpt-text\">\n                                K-o Susen\u01ce e \u015bkolutne sikavipnasqo \u015birdipen datinel pes an\u0275-o jekhto pa\u015b e \u015beliber\u015besqo XVIII-to. E protestanton \u015bkola sasas organizisardi an\u0275-o ber\u015b 1722. Laqo gatovipen sasas elementaron cara \u015bkolutne ma\u015bkar e u\u015btavdenqe \u0107havorre.                            <\/div>\n\n                                                            <div class=\"het-service-link\">\n                                    <a href=\"#\"  rel=\"nofollow\">\n                                         <i class=\"fas fa-chevron-right\" aria-hidden=\"true\"><\/i>\n                                    <\/a>\n                                <\/div>\n                                                    <\/div>\n                    <\/div>\n                <\/div>\n                                <div class=\"het-service-post he-clearfix\">\n                    <div class=\"het-service-icon\">\n                        <i aria-hidden=\"true\" class=\"fas fa-church\"><\/i>                    <\/div>\n\n                    <div class=\"het-service-excerpt\">\n                        <h5>1727<\/h5>\n\n                        <div class=\"het-service-text\">\n                            <div class=\"het-service-excerpt-text\">\n                                E grekikani-katolikon onor\u01ce an\u0275ar-o Farfulovo kerd\u01ces pes an\u0275-o ber\u015b 1727, vaxtes\u0275e o episkopo Inocen\u021biu Micu-Klein, isindoj les sar ra\u015baj o Petru.                            <\/div>\n\n                                                            <div class=\"het-service-link\">\n                                    <a href=\"#\"  rel=\"nofollow\">\n                                         <i class=\"fas fa-chevron-right\" aria-hidden=\"true\"><\/i>\n                                    <\/a>\n                                <\/div>\n                                                    <\/div>\n                    <\/div>\n                <\/div>\n                                <div class=\"het-service-post he-clearfix\">\n                    <div class=\"het-service-icon\">\n                        <i aria-hidden=\"true\" class=\"fas fa-school\"><\/i>                    <\/div>\n\n                    <div class=\"het-service-excerpt\">\n                        <h5>1824<\/h5>\n\n                        <div class=\"het-service-text\">\n                            <div class=\"het-service-excerpt-text\">\n                                \u015airdindoj e ber\u015ben\u04aba 1824 e onor\u01ce grekikani-katolikon an\u0275ar-o Susen\u01ce sasas la jekh \u015bkola anda-jekh ka\u015btutno kher.                            <\/div>\n\n                                                            <div class=\"het-service-link\">\n                                    <a href=\"#\"  rel=\"nofollow\">\n                                         <i class=\"fas fa-chevron-right\" aria-hidden=\"true\"><\/i>\n                                    <\/a>\n                                <\/div>\n                                                    <\/div>\n                    <\/div>\n                <\/div>\n                                <div class=\"het-service-post he-clearfix\">\n                    <div class=\"het-service-icon\">\n                        <i aria-hidden=\"true\" class=\"fas fa-church\"><\/i>                    <\/div>\n\n                    <div class=\"het-service-excerpt\">\n                        <h5>1895<\/h5>\n\n                        <div class=\"het-service-text\">\n                            <div class=\"het-service-excerpt-text\">\n                                An\u0275a 1895 kerd\u01ces pes andar barra e nevi grekikani-katolikon khangeri.                            <\/div>\n\n                                                            <div class=\"het-service-link\">\n                                    <a href=\"#\"  rel=\"nofollow\">\n                                         <i class=\"fas fa-chevron-right\" aria-hidden=\"true\"><\/i>\n                                    <\/a>\n                                <\/div>\n                                                    <\/div>\n                    <\/div>\n                <\/div>\n                                <div class=\"het-service-post he-clearfix\">\n                    <div class=\"het-service-icon\">\n                        <i aria-hidden=\"true\" class=\"fas fa-church\"><\/i>                    <\/div>\n\n                    <div class=\"het-service-excerpt\">\n                        <h5>1913<\/h5>\n\n                        <div class=\"het-service-text\">\n                            <div class=\"het-service-excerpt-text\">\n                                An\u0275a 1913 kerd\u01ces pes e nevi reformaton khangeri pa\u015bal o \u015berutno drom.                            <\/div>\n\n                                                            <div class=\"het-service-link\">\n                                    <a href=\"#\"  rel=\"nofollow\">\n                                         <i class=\"fas fa-chevron-right\" aria-hidden=\"true\"><\/i>\n                                    <\/a>\n                                <\/div>\n                                                    <\/div>\n                    <\/div>\n                <\/div>\n                                <div class=\"het-service-post he-clearfix\">\n                    <div class=\"het-service-icon\">\n                        <i aria-hidden=\"true\" class=\"fas fa-award\"><\/i>                    <\/div>\n\n                    <div class=\"het-service-excerpt\">\n                        <h5>1924<\/h5>\n\n                        <div class=\"het-service-text\">\n                            <div class=\"het-service-excerpt-text\">\n                                Pa\u015bmilajes\u0275e e ber\u015besqo 1924, vaxtes\u0275e e argil\u01ceqi eksploatac\u01ce an\u0275ar-I mina pa\u015bal e teglenqi fabrika arakhl\u01ces pes jekh bronzutno depozito an\u0275ar-o \u015beliber\u015b XII anglal amari era. O maj \u015bukar ma\u015bkar o saste misaja fibula (bro\u015ba) savi kerd\u01ces jekh simbolo va\u015b o \u0179udeco Mure\u015b, avelindoj an\u0275ar-o ber\u015b 1998 pe \u017audecosqi stema thaj an\u0275ar-o ber\u015b 2011 pe stema komun\u01ceqi Suseni.                            <\/div>\n\n                                                            <div class=\"het-service-link\">\n                                    <a href=\"#\"  rel=\"nofollow\">\n                                         <i class=\"fas fa-chevron-right\" aria-hidden=\"true\"><\/i>\n                                    <\/a>\n                                <\/div>\n                                                    <\/div>\n                    <\/div>\n                <\/div>\n                                <div class=\"het-service-post he-clearfix\">\n                    <div class=\"het-service-icon\">\n                        <i aria-hidden=\"true\" class=\"far fa-map\"><\/i>                    <\/div>\n\n                    <div class=\"het-service-excerpt\">\n                        <h5>1968<\/h5>\n\n                        <div class=\"het-service-text\">\n                            <div class=\"het-service-excerpt-text\">\n                                Panda thanutni administrac\u01ceqi kris 2\/1968 kerd\u01ces pes e komuna Suseni an\u0275-o \u0179udeco Mure\u015b, nikeripnasqe e gaven\u04aba Farfulovo thaj Lujero e komunaqo kendro isindoj o Farfulovo.                            <\/div>\n\n                                                            <div class=\"het-service-link\">\n                                    <a href=\"#\"  rel=\"nofollow\">\n                                         <i class=\"fas fa-chevron-right\" aria-hidden=\"true\"><\/i>\n                                    <\/a>\n                                <\/div>\n                                                    <\/div>\n                    <\/div>\n                <\/div>\n                                <div class=\"het-service-post he-clearfix\">\n                    <div class=\"het-service-icon\">\n                        <i aria-hidden=\"true\" class=\"fas fa-pencil-alt\"><\/i>                    <\/div>\n\n                    <div class=\"het-service-excerpt\">\n                        <h5>2019<\/h5>\n\n                        <div class=\"het-service-text\">\n                            <div class=\"het-service-excerpt-text\">\n                                O Farfulovo pherel 700 ber\u015b katar o jekhutne lilenqi atestac\u01ce.                            <\/div>\n\n                                                            <div class=\"het-service-link\">\n                                    <a href=\"#\"  rel=\"nofollow\">\n                                         <i class=\"fas fa-chevron-right\" aria-hidden=\"true\"><\/i>\n                                    <\/a>\n                                <\/div>\n                                                    <\/div>\n                    <\/div>\n                <\/div>\n                        <\/div>\n        \t\t<\/div>\n\t\t\t\t<\/div>\n\t\t\t\t\t\t<\/div>\n\t\t\t\t\t<\/div>\n\t\t<\/div>\n\t\t\t\t<div class=\"he-elementor-sticky-column elementor-column elementor-col-50 elementor-top-column elementor-element elementor-element-7687de8\" data-top-spacing=\"50\" data-bottom-spacing=\"50\" data-id=\"7687de8\" data-element_type=\"column\">\n\t\t\t<div class=\"elementor-column-wrap elementor-element-populated\">\n\t\t\t\t\t\t\t<div class=\"elementor-widget-wrap\">\n\t\t\t\t\t\t<div class=\"elementor-element elementor-element-e240aee e-transform elementor-hidden-tablet elementor-hidden-mobile elementor-widget elementor-widget-image\" data-id=\"e240aee\" data-element_type=\"widget\" data-settings=\"{&quot;_transform_scale_effect&quot;:{&quot;unit&quot;:&quot;px&quot;,&quot;size&quot;:&quot;&quot;,&quot;sizes&quot;:[]},&quot;_transform_scale_effect_tablet&quot;:{&quot;unit&quot;:&quot;px&quot;,&quot;size&quot;:&quot;&quot;,&quot;sizes&quot;:[]},&quot;_transform_scale_effect_mobile&quot;:{&quot;unit&quot;:&quot;px&quot;,&quot;size&quot;:&quot;&quot;,&quot;sizes&quot;:[]}}\" data-widget_type=\"image.default\">\n\t\t\t\t<div class=\"elementor-widget-container\">\n\t\t\t<style>\/*! elementor - v3.17.0 - 08-11-2023 *\/\n.elementor-widget-image{text-align:center}.elementor-widget-image a{display:inline-block}.elementor-widget-image a img[src$=\".svg\"]{width:48px}.elementor-widget-image img{vertical-align:middle;display:inline-block}<\/style>\t\t\t\t\t<div class=\"elementor-image\">\n\t\t\t\t\t\t\t\t\t\t\t\t<img loading=\"lazy\" decoding=\"async\" width=\"661\" height=\"992\" src=\"https:\/\/feelfolu.ro\/wp-content\/uploads\/2022\/10\/img_6652.jpg\" class=\"attachment-full size-full wp-image-1615\" alt=\"\" srcset=\"https:\/\/feelfolu.ro\/wp-content\/uploads\/2022\/10\/img_6652.jpg 661w, https:\/\/feelfolu.ro\/wp-content\/uploads\/2022\/10\/img_6652-200x300.jpg 200w\" sizes=\"auto, (max-width: 661px) 100vw, 661px\" \/>\t\t\t\t\t\t\t\t\t\t\t\t\t\t<\/div>\n\t\t\t\t\t\t<\/div>\n\t\t\t\t<\/div>\n\t\t\t\t\t\t<\/div>\n\t\t\t\t\t<\/div>\n\t\t<\/div>\n\t\t\t\t\t\t\t\t<\/div>\n\t\t\t\t\t<\/div>\n\t\t<\/section>\n\t\t\t\t\t\t\t\t\t<\/div>\n\t\t\t<\/div>\n\t\t\t\t\t<\/div>\n\t\t","protected":false},"excerpt":{"rendered":"<p>HIST\u00d2RIA &#8230; O somnalipen khanger\u01ceqo an\u0275ar-I arpad\u01cenon epoka kerd\u01ces pes an\u0275-o dujto rig e \u015beliber\u015besqi XII-to pe \u0107a\u0107i rig nesave angal\u01ceqo e len\u01ceqe Mure\u015b e vajsavesqo xaxoj p-o vaxt e Hungar\u01ceqe thagaresqo Geza o II-to (1141-1161), tha I \u015berutni khanger\u01ceqi rig vaxtes\u0275e o rajipen o Bela o IV-to (1235-1270). 1319 Ojekhto atestac\u01ceqe lila prin\u01b7ande palal [&hellip;]<\/p>\n","protected":false},"author":1,"featured_media":0,"parent":0,"menu_order":0,"comment_status":"closed","ping_status":"closed","template":"elementor_header_footer","meta":{"footnotes":""},"class_list":["post-1695","page","type-page","status-publish","hentry"],"_links":{"self":[{"href":"https:\/\/feelfolu.ro\/index.php\/wp-json\/wp\/v2\/pages\/1695","targetHints":{"allow":["GET"]}}],"collection":[{"href":"https:\/\/feelfolu.ro\/index.php\/wp-json\/wp\/v2\/pages"}],"about":[{"href":"https:\/\/feelfolu.ro\/index.php\/wp-json\/wp\/v2\/types\/page"}],"author":[{"embeddable":true,"href":"https:\/\/feelfolu.ro\/index.php\/wp-json\/wp\/v2\/users\/1"}],"replies":[{"embeddable":true,"href":"https:\/\/feelfolu.ro\/index.php\/wp-json\/wp\/v2\/comments?post=1695"}],"version-history":[{"count":8,"href":"https:\/\/feelfolu.ro\/index.php\/wp-json\/wp\/v2\/pages\/1695\/revisions"}],"predecessor-version":[{"id":1749,"href":"https:\/\/feelfolu.ro\/index.php\/wp-json\/wp\/v2\/pages\/1695\/revisions\/1749"}],"wp:attachment":[{"href":"https:\/\/feelfolu.ro\/index.php\/wp-json\/wp\/v2\/media?parent=1695"}],"curies":[{"name":"wp","href":"https:\/\/api.w.org\/{rel}","templated":true}]}}